{"id":14,"date":"2020-10-22T21:22:04","date_gmt":"2020-10-22T21:22:04","guid":{"rendered":"https:\/\/www.textildelvalle.pe\/es\/?page_id=14"},"modified":"2026-01-22T11:47:31","modified_gmt":"2026-01-22T16:47:31","slug":"sosteniblidad","status":"publish","type":"page","link":"https:\/\/www.textildelvalle.pe\/es\/sosteniblidad\/","title":{"rendered":"SOSTENIBILIDAD"},"content":{"rendered":"<div id='layer_slider_1'  class='avia-layerslider main_color avia-shadow  avia-builder-el-0  el_before_av_section  avia-builder-el-first  container_wrap sidebar_right' style='  height: 621px; max-width: 1280px; margin: 0 auto;' ><\/div>\n<div id='av_section_1'  class='avia-section main_color avia-section-default avia-no-border-styling  avia-bg-style-scroll  avia-builder-el-1  el_after_av_layerslider  el_before_av_section   container_wrap sidebar_right' style='background-color: #101820;  '  ><div class='container' ><div class='template-page content  av-content-small alpha units'><div class='post-entry post-entry-type-page post-entry-14'><div class='entry-content-wrapper clearfix'>\n<div class=\"flex_column av_one_fifth  flex_column_div av-zero-column-padding first  avia-builder-el-2  el_before_av_three_fifth  avia-builder-el-first  \" style='border-radius:0px; '><\/div><div class=\"flex_column av_three_fifth  flex_column_div av-zero-column-padding   avia-builder-el-3  el_after_av_one_fifth  el_before_av_one_fifth  \" style='border-radius:0px; '><section class=\"av_textblock_section \"  itemscope=\"itemscope\" itemtype=\"https:\/\/schema.org\/CreativeWork\" ><div class='avia_textblock  av_inherit_color '  style='font-size:36px; color:#ffffff; '  itemprop=\"text\" ><p style=\"text-align: center; font-family: 'Poppins', sans-serif; font-weight: bold; line-height: 120%;\">Somos la empresa textil m\u00e1s sostenible del mundo.<\/p>\n<\/div><\/section><br \/>\n<section class=\"av_textblock_section \"  itemscope=\"itemscope\" itemtype=\"https:\/\/schema.org\/CreativeWork\" ><div class='avia_textblock  '   itemprop=\"text\" ><p style=\"text-align: center; color: #F4C04D; font-family: 'Poppins', sans-serif;\">Hoy somos una empresa carbono neutral, compensamos el 100% de nuestras emisiones.<\/p>\n<\/div><\/section><\/p><\/div><div class=\"flex_column av_one_fifth  flex_column_div av-zero-column-padding   avia-builder-el-6  el_after_av_three_fifth  el_before_av_hr  \" style='border-radius:0px; '><\/div><div  style=' margin-top:30px; margin-bottom:30px;'  class='hr hr-custom hr-center hr-icon-no   avia-builder-el-7  el_after_av_one_fifth  el_before_av_textblock '><span class='hr-inner  inner-border-av-border-thin' style=' width:160px; border-color:#ffffff;' ><span class='hr-inner-style'><\/span><\/span><\/div>\n<section class=\"av_textblock_section \"  itemscope=\"itemscope\" itemtype=\"https:\/\/schema.org\/CreativeWork\" ><div class='avia_textblock  av_inherit_color '  style='font-size:20px; color:#ffffff; '  itemprop=\"text\" ><p style=\"text-align: center; font-family: 'Poppins', sans-serif; font-weight: 300; line-height: 120%; padding: 0 10%;\">Nuestro compromiso es forjar un futuro en el que la industria est\u00e9 en armon\u00eda con las necesidades del planeta y las personas vivan una vida ilimitada de bienestar.<\/p>\n<p style=\"text-align: center; font-family: 'Poppins', sans-serif; font-weight: bold; line-height: 120%; padding: 0 10%;\">Nos basamos en el modelo de Triple Impacto \u201cAmbiente, Sociedad y Gobernanza\u201d.<\/p>\n<\/div><\/section>\n<div class=\"flex_column av_one_third  flex_column_div av-zero-column-padding first  avia-builder-el-9  el_after_av_textblock  el_before_av_one_third  column-top-margin\" style='margin-top:50px; margin-bottom:50px; border-radius:0px; '><article  class=\"iconbox iconbox_top av-no-box   avia-builder-el-10  avia-builder-el-no-sibling  icon-border \"  itemscope=\"itemscope\" itemtype=\"https:\/\/schema.org\/CreativeWork\" ><div class=\"iconbox_content\"><header class=\"entry-content-header\"><div class=\"iconbox_icon heading-color\" aria-hidden='true' data-av_icon='\ue80e' data-av_iconfont='fontello'  style='color:#ffffff; ' ><\/div><h5 class='iconbox_content_title  '  itemprop=\"headline\"   style='color:#82a86a; font-size:27px; '>Ambiente<\/h5><\/header><div class='iconbox_content_container  '  itemprop=\"text\"   style='font-size:15px; '><p style=\"text-align: center; color: white; font-family: 'Poppins', sans-serif;\">Nos comprometemos a proteger el planeta, trabajamos en neutralizar nuestro impacto en el medio ambiente.<\/p>\n<p style=\"text-align: center; font-family: Roboto, sans-serif;\"><a style=\"color: #ff6720;\" href=\"#planet\">LEER M\u00c1S<\/a><\/p>\n<\/div><\/div><footer class=\"entry-footer\"><\/footer><\/article><\/div><div class=\"flex_column av_one_third  flex_column_div av-zero-column-padding   avia-builder-el-11  el_after_av_one_third  el_before_av_one_third  column-top-margin\" style='margin-top:50px; margin-bottom:50px; border-radius:0px; '><article  class=\"iconbox iconbox_top av-no-box   avia-builder-el-12  avia-builder-el-no-sibling  icon-border \"  itemscope=\"itemscope\" itemtype=\"https:\/\/schema.org\/CreativeWork\" ><div class=\"iconbox_content\"><header class=\"entry-content-header\"><div class=\"iconbox_icon heading-color\" aria-hidden='true' data-av_icon='\ue80d' data-av_iconfont='fontello'  style='color:#ffffff; ' ><\/div><h5 class='iconbox_content_title  '  itemprop=\"headline\"   style='color:#ef7e67; font-size:27px; '>Sociedad<\/h5><\/header><div class='iconbox_content_container  '  itemprop=\"text\"   style='font-size:15px; '><p style=\"color: white; font-family: Poppins, sans-serif; text-align: center;\">Buscamos mejorar la calidad de vida de todos nuestros stakeholders, desarrollando actividades valiosas y justas para todos.<\/p>\n<p style=\"text-align: center; font-family: Roboto, sans-serif;\"><a style=\"color: #ff6720;\" href=\"#people\">LEER M\u00c1S<\/a><\/p>\n<\/div><\/div><footer class=\"entry-footer\"><\/footer><\/article><\/div><div class=\"flex_column av_one_third  flex_column_div av-zero-column-padding   avia-builder-el-13  el_after_av_one_third  avia-builder-el-last  column-top-margin\" style='margin-top:50px; margin-bottom:50px; border-radius:0px; ' aria-label='cada-icon' ><article  class=\"iconbox iconbox_top av-no-box   avia-builder-el-14  avia-builder-el-no-sibling  icon-border \"  itemscope=\"itemscope\" itemtype=\"https:\/\/schema.org\/CreativeWork\" ><div class=\"iconbox_content\"><header class=\"entry-content-header\"><div class=\"iconbox_icon heading-color\" aria-hidden='true' data-av_icon='\ue80f' data-av_iconfont='fontello'  style='color:#ffffff; ' ><\/div><h5 class='iconbox_content_title  '  itemprop=\"headline\"   style='color:#ffffff; font-size:27px; '>Gobernanza<\/h5><\/header><div class='iconbox_content_container  '  itemprop=\"text\"   style='font-size:15px; '><p style=\"text-align: center; color: white; font-family: 'Poppins', sans-serif;\">Estructura societaria, administraci\u00f3n responsable y \u00e9tica que transparente\u00a0 sus acciones de forma clara hacia grupos de inter\u00e9s<\/p>\n<p style=\"text-align: center; font-family: Roboto, sans-serif;\"><a style=\"color: #ff6720;\" href=\"https:\/\/www.textildelvalle.pe\/es\/processes\/\" target=\"_self\">LEER M\u00c1S<\/a><\/p>\n<\/div><\/div><footer class=\"entry-footer\"><\/footer><\/article><\/div>\n\n<\/div><\/div><\/div><!-- close content main div --><\/div><\/div><div id='planet'  class='avia-section main_color avia-section-default avia-no-border-styling  avia-bg-style-scroll  avia-builder-el-15  el_after_av_section  el_before_av_section   container_wrap sidebar_right' style='background-color: #82a86a;  '  ><div class='container' ><div class='template-page content  av-content-small alpha units'><div class='post-entry post-entry-type-page post-entry-14'><div class='entry-content-wrapper clearfix'>\n<section class=\"av_textblock_section \"  itemscope=\"itemscope\" itemtype=\"https:\/\/schema.org\/CreativeWork\" ><div class='avia_textblock  av_inherit_color  av-medium-font-size-overwrite av-medium-font-size-40 av-small-font-size-overwrite av-small-font-size-30 av-mini-font-size-overwrite av-mini-font-size-30'  style='font-size:40px; color:#000000; '  itemprop=\"text\" ><p style=\"text-align: left; font-weight: 900 !important; font-family: 'Poppins', sans-serif; margin: 0;\">Ambiente.<\/p>\n<\/div><\/section>\n<section class=\"av_textblock_section \"  itemscope=\"itemscope\" itemtype=\"https:\/\/schema.org\/CreativeWork\" ><div class='avia_textblock  av_inherit_color '  style='color:#000000; '  itemprop=\"text\" ><p style=\"text-align: left; color: #333333; font-family: 'Poppins', sans-serif; font-size: 15px;\">Sabemos que los recursos del planeta son finitos y hoy m\u00e1s que nunca debemos ser conscientes del uso de nuestras materias primas.<br \/>\nNuestra industria es una de las m\u00e1s contaminantes del mundo y es tarea de todos trabajar en revertir el impacto causado.<\/p>\n<\/div><\/section>\n<div class=\"flex_column av_three_fourth  flex_column_div av-zero-column-padding first  avia-builder-el-18  el_after_av_textblock  avia-builder-el-last  column-top-margin\" style='border-radius:0px; '><div  style='background:#92b779;border-color:#76995f;' class='av_promobox  avia-button-yes   avia-builder-el-19  avia-builder-el-no-sibling '>\t\t<div class='avia-promocontent'><\/p>\n<p style=\"text-align: left; color: #333333; font-family: 'Poppins', sans-serif; font-size: 15px;\">Para revisar nuestros par\u00e1metros ambientales de desempe\u00f1o<\/p>\n<p>\n<\/div><div  class='avia-button-wrap avia-button-right ' ><a href='https:\/\/extranet.tdv.pe\/GestionAmbiental\/#\/Home?Idioma=ES' class='avia-button  avia-color-theme-color   avia-icon_select-no avia-size-large avia-position-right ' target=\"_blank\" rel=\"noopener noreferrer\"><span class='avia_iconbox_title' >Haz clic aqu\u00ed<\/span><\/a><\/div><\/div><\/div>\n\n<\/div><\/div><\/div><!-- close content main div --><\/div><\/div><div id='av_section_3'  class='avia-section main_color avia-section-default avia-no-border-styling  avia-bg-style-scroll  avia-builder-el-20  el_after_av_section  el_before_av_section   container_wrap sidebar_right' style='background-color: #ffffff;  '  ><div class='container' ><div class='template-page content  av-content-small alpha units'><div class='post-entry post-entry-type-page post-entry-14'><div class='entry-content-wrapper clearfix'>\n<div class=\"flex_column av_one_fifth  flex_column_div av-zero-column-padding first  avia-builder-el-21  el_before_av_one_fifth  avia-builder-el-first  \" style='border-radius:0px; '><div  class=\"avia-animated-number av-force-default-color  avia-color-  avia-builder-el-22  avia-builder-el-no-sibling  avia_animate_when_visible\"  data-timer=\"3000\"><strong class=\"heading avia-animated-number-title\" style='font-size:47px;'><span class=\"avia-single-number __av-single-number\" data-number_format=\"\" data-number=\"33\" data-start_from=\"0\">33<\/span><span class=\"avia-no-number\">%<\/span><\/strong><div class='avia-animated-number-content' style='font-size:15px;'><p>De agua reciclada y usada nuevamente en el proceso de producci\u00f3n.<\/p>\n<\/div><\/div><\/div><div class=\"flex_column av_one_fifth  flex_column_div av-zero-column-padding   avia-builder-el-23  el_after_av_one_fifth  el_before_av_one_fifth  \" style='border-radius:0px; '><div  class=\"avia-animated-number av-force-default-color  avia-color-  avia-builder-el-24  avia-builder-el-no-sibling  avia_animate_when_visible\"  data-timer=\"3000\"><strong class=\"heading avia-animated-number-title\" style='font-size:47px;'><span class=\"avia-single-number __av-single-number\" data-number_format=\"\" data-number=\"18\" data-start_from=\"0\">18<\/span><span class=\"avia-no-number\">,<\/span><span class=\"avia-single-number __av-single-number\" data-number_format=\"\" data-number=\"678\" data-start_from=\"0\">678<\/span><\/strong><div class='avia-animated-number-content' style='font-size:15px;'><p>Toneladas de Co2 compensado con bonos de carbono.<\/p>\n<\/div><\/div><\/div><div class=\"flex_column av_one_fifth  flex_column_div av-zero-column-padding   avia-builder-el-25  el_after_av_one_fifth  el_before_av_one_fifth  \" style='border-radius:0px; '><div  class=\"avia-animated-number av-force-default-color  avia-color-  avia-builder-el-26  avia-builder-el-no-sibling  avia_animate_when_visible\"  data-timer=\"3000\"><strong class=\"heading avia-animated-number-title\" style='font-size:47px;'><span class=\"avia-single-number __av-single-number\" data-number_format=\"\" data-number=\"100\" data-start_from=\"0\">100<\/span><span class=\"avia-no-number\">%<\/span><\/strong><div class='avia-animated-number-content' style='font-size:15px;'><p>De energ\u00eda proveniente de fuentes sostenibles. 15% de esta autogenerado.<\/p>\n<\/div><\/div><\/div><div class=\"flex_column av_one_fifth  flex_column_div av-zero-column-padding   avia-builder-el-27  el_after_av_one_fifth  el_before_av_one_fifth  \" style='border-radius:0px; '><div  class=\"avia-animated-number av-force-default-color  avia-color-  avia-builder-el-28  avia-builder-el-no-sibling  avia_animate_when_visible\"  data-timer=\"3000\"><strong class=\"heading avia-animated-number-title\" style='font-size:47px;'><span class=\"avia-single-number __av-single-number\" data-number_format=\"\" data-number=\"100\" data-start_from=\"0\">100<\/span><span class=\"avia-no-number\">%<\/span><\/strong><div class='avia-animated-number-content' style='font-size:15px;'><p>De uso de qu\u00edmicos biodegradables.<\/p>\n<\/div><\/div><\/div><div class=\"flex_column av_one_fifth  flex_column_div av-zero-column-padding   avia-builder-el-29  el_after_av_one_fifth  avia-builder-el-last  \" style='border-radius:0px; '><div  class=\"avia-animated-number av-force-default-color  avia-color-  avia-builder-el-30  avia-builder-el-no-sibling  avia_animate_when_visible\"  data-timer=\"3000\"><strong class=\"heading avia-animated-number-title\" style='font-size:47px;'><span class=\"avia-single-number __av-single-number\" data-number_format=\"\" data-number=\"72\" data-start_from=\"0\">72<\/span><span class=\"avia-no-number\">,<\/span><span class=\"avia-single-number __av-single-number\" data-number_format=\"\" data-number=\"000\" data-start_from=\"0\">000<\/span><span class=\"avia-no-number\">kg<\/span><\/strong><div class='avia-animated-number-content' style='font-size:15px;'><p>De saldos textiles reciclados anualmente.<\/p>\n<\/div><\/div><\/div>\n\n<\/div><\/div><\/div><!-- close content main div --><\/div><\/div><div id='av_section_4'  class='avia-section main_color avia-section-default avia-no-border-styling  avia-bg-style-scroll  avia-builder-el-31  el_after_av_section  el_before_av_section  environmental-projects  container_wrap sidebar_right' style='background-color: #f2f2f2;  '  ><div class='container' ><div class='template-page content  av-content-small alpha units'><div class='post-entry post-entry-type-page post-entry-14'><div class='entry-content-wrapper clearfix'>\n<section class=\"av_textblock_section \"  itemscope=\"itemscope\" itemtype=\"https:\/\/schema.org\/CreativeWork\" ><div class='avia_textblock  av_inherit_color '  style='font-size:34px; color:#000000; '  itemprop=\"text\" ><p style=\"text-align: left; font-family: 'Poppins', sans-serif; font-weight: bold; line-height: normal;\">Proyectos de protecci\u00f3n medioambiental<\/p>\n<\/div><\/section>\n<section class=\"av_textblock_section \"  itemscope=\"itemscope\" itemtype=\"https:\/\/schema.org\/CreativeWork\" ><div class='avia_textblock  '   itemprop=\"text\" ><p style=\"text-align: left; color: #333333; font-family: 'Poppins', sans-serif; font-size: 15px; font-weight: 400; margin-bottom: 50px;\">La gesti\u00f3n ambiental abarca mejoras en los procesos internos con miras de volver nuestras operaciones menos contaminantes y m\u00e1s responsables.<br \/>\nNuestros proyectos cubren aspectos en materia de energ\u00eda, agua y residuos.<\/p>\n<\/div><\/section>\n<div class='portfolio_preview_container ' data-portfolio-id='1'>\n\t\t\t\t\t\t\t\t<div class='ajax_controlls iconfont'>\n\t\t\t\t\t\t\t\t\t<a href='#prev' class='ajax_previous' \taria-hidden='true' data-av_icon='\ue878' data-av_iconfont='entypo-fontello'><\/a>\n\t\t\t\t\t\t\t\t\t<a href='#next' class='ajax_next'\t\taria-hidden='true' data-av_icon='\ue879' data-av_iconfont='entypo-fontello'><\/a>\n\t\t\t\t\t\t\t\t\t<a class='avia_close' href='#close'\t\taria-hidden='true' data-av_icon='\ue814' data-av_iconfont='entypo-fontello'><\/a>\n\t\t\t\t\t\t\t\t<\/div>\n\t\t\t\t\t\t\t\t<div class='portfolio-details-inner'><\/div>\n\t\t\t\t\t\t\t<\/div><div  id=\"av-sc-portfolio-1\"  class='portfolio-sustainability grid-sort-container isotope   av-medium-columns-overwrite av-medium-columns-3 av-small-columns-overwrite av-small-columns-2 av-mini-columns-overwrite av-mini-columns-2 no_margin-container with-excerpt-container grid-total-odd grid-col-3 grid-links-ajax' data-portfolio-id='1'><div data-ajax-id='130' class=' grid-entry flex_column isotope-item all_sort no_margin post-entry post-entry-130 grid-entry-overview grid-loop-1 grid-parity-odd  planet_sort  av_one_third first default_av_fullwidth '><article class='main_color inner-entry'  itemscope=\"itemscope\" itemtype=\"https:\/\/schema.org\/CreativeWork\" ><a href='https:\/\/www.textildelvalle.pe\/es\/portfolio-item\/campo-de-paneles-solares\/' title='Campo de paneles solares'  data-rel='grid-1' class='grid-image avia-hover-fx'> <img decoding=\"async\" width=\"495\" height=\"400\" src=\"https:\/\/www.textildelvalle.pe\/es\/wp-content\/uploads\/2020\/10\/paneles-solares-495x400.png\" class=\"wp-image-122 avia-img-lazy-loading-not-122 attachment-portfolio size-portfolio wp-post-image\" alt=\"\" \/><\/a><div class='grid-content'><div class='avia-arrow'><\/div><header class=\"entry-content-header\"><h3 class='grid-entry-title entry-title '  itemprop=\"headline\" ><a href='https:\/\/www.textildelvalle.pe\/es\/portfolio-item\/campo-de-paneles-solares\/' title='Campo de paneles solares'>Campo de paneles solares<\/a><\/h3><\/header><\/div><footer class=\"entry-footer\"><\/footer><\/article><\/div><div data-ajax-id='142' class=' grid-entry flex_column isotope-item all_sort no_margin post-entry post-entry-142 grid-entry-overview grid-loop-2 grid-parity-even  planet_sort  av_one_third  default_av_fullwidth '><article class='main_color inner-entry'  itemscope=\"itemscope\" itemtype=\"https:\/\/schema.org\/CreativeWork\" ><a href='https:\/\/www.textildelvalle.pe\/es\/portfolio-item\/planta-de-ultrafiltracion-y-osmosis-inversa\/' title='Planta de ultrafiltraci\u00f3n y \u00f3smosis inversa'  data-rel='grid-1' class='grid-image avia-hover-fx'> <img decoding=\"async\" width=\"495\" height=\"400\" src=\"https:\/\/www.textildelvalle.pe\/es\/wp-content\/uploads\/2020\/10\/Planta-de-Osmosis-Inversa-495x400.jpg\" class=\"wp-image-129 avia-img-lazy-loading-not-129 attachment-portfolio size-portfolio wp-post-image\" alt=\"\" srcset=\"https:\/\/www.textildelvalle.pe\/es\/wp-content\/uploads\/2020\/10\/Planta-de-Osmosis-Inversa-495x400.jpg 495w, https:\/\/www.textildelvalle.pe\/es\/wp-content\/uploads\/2020\/10\/Planta-de-Osmosis-Inversa-845x684.jpg 845w\" sizes=\"(max-width: 495px) 100vw, 495px\" \/><\/a><div class='grid-content'><div class='avia-arrow'><\/div><header class=\"entry-content-header\"><h3 class='grid-entry-title entry-title '  itemprop=\"headline\" ><a href='https:\/\/www.textildelvalle.pe\/es\/portfolio-item\/planta-de-ultrafiltracion-y-osmosis-inversa\/' title='Planta de ultrafiltraci\u00f3n y \u00f3smosis inversa'>Planta de ultrafiltraci\u00f3n y \u00f3smosis inversa<\/a><\/h3><\/header><\/div><footer class=\"entry-footer\"><\/footer><\/article><\/div><div data-ajax-id='146' class=' grid-entry flex_column isotope-item all_sort no_margin post-entry post-entry-146 grid-entry-overview grid-loop-3 grid-parity-odd  planet_sort  av_one_third  default_av_fullwidth '><article class='main_color inner-entry'  itemscope=\"itemscope\" itemtype=\"https:\/\/schema.org\/CreativeWork\" ><a href='https:\/\/www.textildelvalle.pe\/es\/portfolio-item\/planta-de-tratamiento-de-aguas-residuales\/' title='Planta de tratamiento de aguas residuales'  data-rel='grid-1' class='grid-image avia-hover-fx'> <img decoding=\"async\" width=\"495\" height=\"400\" src=\"https:\/\/www.textildelvalle.pe\/es\/wp-content\/uploads\/2020\/10\/img-Waste-management-plant-edit-495x400.jpg\" class=\"wp-image-917 avia-img-lazy-loading-not-917 attachment-portfolio size-portfolio wp-post-image\" alt=\"\" srcset=\"https:\/\/www.textildelvalle.pe\/es\/wp-content\/uploads\/2020\/10\/img-Waste-management-plant-edit-495x400.jpg 495w, https:\/\/www.textildelvalle.pe\/es\/wp-content\/uploads\/2020\/10\/img-Waste-management-plant-edit-845x684.jpg 845w\" sizes=\"(max-width: 495px) 100vw, 495px\" \/><\/a><div class='grid-content'><div class='avia-arrow'><\/div><header class=\"entry-content-header\"><h3 class='grid-entry-title entry-title '  itemprop=\"headline\" ><a href='https:\/\/www.textildelvalle.pe\/es\/portfolio-item\/planta-de-tratamiento-de-aguas-residuales\/' title='Planta de tratamiento de aguas residuales'>Planta de tratamiento de aguas residuales<\/a><\/h3><\/header><\/div><footer class=\"entry-footer\"><\/footer><\/article><\/div><div data-ajax-id='148' class=' grid-entry flex_column isotope-item all_sort no_margin post-entry post-entry-148 grid-entry-overview grid-loop-4 grid-parity-even  planet_sort  av_one_third first default_av_fullwidth '><article class='main_color inner-entry'  itemscope=\"itemscope\" itemtype=\"https:\/\/schema.org\/CreativeWork\" ><a href='https:\/\/www.textildelvalle.pe\/es\/portfolio-item\/planta-de-reciclaje-de-tela\/' title='Planta de reciclaje de tela'  data-rel='grid-1' class='grid-image avia-hover-fx'> <img decoding=\"async\" width=\"495\" height=\"400\" src=\"https:\/\/www.textildelvalle.pe\/es\/wp-content\/uploads\/2020\/10\/RECYCLING-TEXTILE-PLANT-495x400.jpeg\" class=\"wp-image-1156 avia-img-lazy-loading-not-1156 attachment-portfolio size-portfolio wp-post-image\" alt=\"\" srcset=\"https:\/\/www.textildelvalle.pe\/es\/wp-content\/uploads\/2020\/10\/RECYCLING-TEXTILE-PLANT-495x400.jpeg 495w, https:\/\/www.textildelvalle.pe\/es\/wp-content\/uploads\/2020\/10\/RECYCLING-TEXTILE-PLANT-845x684.jpeg 845w\" sizes=\"(max-width: 495px) 100vw, 495px\" \/><\/a><div class='grid-content'><div class='avia-arrow'><\/div><header class=\"entry-content-header\"><h3 class='grid-entry-title entry-title '  itemprop=\"headline\" ><a href='https:\/\/www.textildelvalle.pe\/es\/portfolio-item\/planta-de-reciclaje-de-tela\/' title='Planta de reciclaje de tela'>Planta de reciclaje de tela<\/a><\/h3><\/header><\/div><footer class=\"entry-footer\"><\/footer><\/article><\/div><div data-ajax-id='150' class=' grid-entry flex_column isotope-item all_sort no_margin post-entry post-entry-150 grid-entry-overview grid-loop-5 grid-parity-odd  post-entry-last  planet_sort  av_one_third  default_av_fullwidth '><article class='main_color inner-entry'  itemscope=\"itemscope\" itemtype=\"https:\/\/schema.org\/CreativeWork\" ><a href='https:\/\/www.textildelvalle.pe\/es\/portfolio-item\/plan-de-gestion-de-residuos\/' title='Plan de gesti\u00f3n de residuos'  data-rel='grid-1' class='grid-image avia-hover-fx'> <img decoding=\"async\" width=\"495\" height=\"400\" src=\"https:\/\/www.textildelvalle.pe\/es\/wp-content\/uploads\/2020\/10\/WASTE-MANAGEMENT-PLAN-495x400.jpeg\" class=\"wp-image-1157 avia-img-lazy-loading-not-1157 attachment-portfolio size-portfolio wp-post-image\" alt=\"\" srcset=\"https:\/\/www.textildelvalle.pe\/es\/wp-content\/uploads\/2020\/10\/WASTE-MANAGEMENT-PLAN-495x400.jpeg 495w, https:\/\/www.textildelvalle.pe\/es\/wp-content\/uploads\/2020\/10\/WASTE-MANAGEMENT-PLAN-845x684.jpeg 845w\" sizes=\"(max-width: 495px) 100vw, 495px\" \/><\/a><div class='grid-content'><div class='avia-arrow'><\/div><header class=\"entry-content-header\"><h3 class='grid-entry-title entry-title '  itemprop=\"headline\" ><a href='https:\/\/www.textildelvalle.pe\/es\/portfolio-item\/plan-de-gestion-de-residuos\/' title='Plan de gesti\u00f3n de residuos'>Plan de gesti\u00f3n de residuos<\/a><\/h3><\/header><\/div><footer class=\"entry-footer\"><\/footer><\/article><\/div><\/div>\n\n<\/div><\/div><\/div><!-- close content main div --><\/div><\/div><div id='people'  class='avia-section main_color avia-section-default avia-no-border-styling  avia-bg-style-scroll  avia-builder-el-35  el_after_av_section  el_before_av_section   container_wrap sidebar_right' style='background-color: #ef7e67;  '  ><div class='container' ><div class='template-page content  av-content-small alpha units'><div class='post-entry post-entry-type-page post-entry-14'><div class='entry-content-wrapper clearfix'>\n<section class=\"av_textblock_section \"  itemscope=\"itemscope\" itemtype=\"https:\/\/schema.org\/CreativeWork\" ><div class='avia_textblock  av_inherit_color  av-medium-font-size-overwrite av-medium-font-size-40 av-small-font-size-overwrite av-small-font-size-30 av-mini-font-size-overwrite av-mini-font-size-30'  style='font-size:40px; color:#000000; '  itemprop=\"text\" ><p style=\"text-align: left; font-weight: 900 !important; font-family: 'Poppins', sans-serif; margin: 0;\">Sociedad<\/p>\n<\/div><\/section>\n<div class=\"flex_column av_two_third  flex_column_div av-zero-column-padding first  avia-builder-el-37  el_after_av_textblock  avia-builder-el-last  column-top-margin\" style='margin-top:0px; margin-bottom:0px; border-radius:0px; '><section class=\"av_textblock_section \"  itemscope=\"itemscope\" itemtype=\"https:\/\/schema.org\/CreativeWork\" ><div class='avia_textblock  av_inherit_color '  style='color:#000000; '  itemprop=\"text\" ><p style=\"text-align: left; color: #333333; font-family: 'Poppins', sans-serif; font-size: 15px;\">La familia TDV es el motor de todo nuestro trabajo. Estamos constantemente enfocados en brindarles herramientas que contribuyan a su bienestar personal, el de sus familias y la comunidad.<\/p>\n<\/div><\/section><\/div>\n\n<\/div><\/div><\/div><!-- close content main div --><\/div><\/div><div id='av_section_6'  class='avia-section main_color avia-section-default avia-no-border-styling  avia-bg-style-scroll  avia-builder-el-39  el_after_av_section  el_before_av_section   container_wrap sidebar_right' style='background-color: #f2f2f2;  '  ><div class='container' ><div class='template-page content  av-content-small alpha units'><div class='post-entry post-entry-type-page post-entry-14'><div class='entry-content-wrapper clearfix'>\n<div class='portfolio_preview_container ' data-portfolio-id='2'>\n\t\t\t\t\t\t\t\t<div class='ajax_controlls iconfont'>\n\t\t\t\t\t\t\t\t\t<a href='#prev' class='ajax_previous' \taria-hidden='true' data-av_icon='\ue878' data-av_iconfont='entypo-fontello'><\/a>\n\t\t\t\t\t\t\t\t\t<a href='#next' class='ajax_next'\t\taria-hidden='true' data-av_icon='\ue879' data-av_iconfont='entypo-fontello'><\/a>\n\t\t\t\t\t\t\t\t\t<a class='avia_close' href='#close'\t\taria-hidden='true' data-av_icon='\ue814' data-av_iconfont='entypo-fontello'><\/a>\n\t\t\t\t\t\t\t\t<\/div>\n\t\t\t\t\t\t\t\t<div class='portfolio-details-inner'><\/div>\n\t\t\t\t\t\t\t<\/div><div  id=\"av-sc-portfolio-2\"  class='portfolio-people grid-sort-container isotope   av-medium-columns-overwrite av-medium-columns-3 av-small-columns-overwrite av-small-columns-2 av-mini-columns-overwrite av-mini-columns-2 no_margin-container with-excerpt-container grid-total-odd grid-col-3 grid-links-ajax' data-portfolio-id='2'><div data-ajax-id='162' class=' grid-entry flex_column isotope-item all_sort no_margin post-entry post-entry-162 grid-entry-overview grid-loop-1 grid-parity-odd  people_sort  av_one_third first default_av_fullwidth '><article class='main_color inner-entry'  itemscope=\"itemscope\" itemtype=\"https:\/\/schema.org\/CreativeWork\" ><a href='https:\/\/www.textildelvalle.pe\/es\/portfolio-item\/yoga-nutricion\/' title='Yoga &#038; nutrici\u00f3n'  data-rel='grid-2' class='grid-image avia-hover-fx'> <img decoding=\"async\" width=\"495\" height=\"400\" src=\"https:\/\/www.textildelvalle.pe\/es\/wp-content\/uploads\/2020\/10\/Foto-de-Yoga-y-Nutricion-495x400.jpg\" class=\"wp-image-1158 avia-img-lazy-loading-not-1158 attachment-portfolio size-portfolio wp-post-image\" alt=\"\" srcset=\"https:\/\/www.textildelvalle.pe\/es\/wp-content\/uploads\/2020\/10\/Foto-de-Yoga-y-Nutricion-495x400.jpg 495w, https:\/\/www.textildelvalle.pe\/es\/wp-content\/uploads\/2020\/10\/Foto-de-Yoga-y-Nutricion-845x684.jpg 845w\" sizes=\"(max-width: 495px) 100vw, 495px\" \/><\/a><div class='grid-content'><div class='avia-arrow'><\/div><header class=\"entry-content-header\"><h3 class='grid-entry-title entry-title '  itemprop=\"headline\" ><a href='https:\/\/www.textildelvalle.pe\/es\/portfolio-item\/yoga-nutricion\/' title='Yoga &#038; nutrici\u00f3n'>Yoga &#038; nutrici\u00f3n<\/a><\/h3><\/header><\/div><footer class=\"entry-footer\"><\/footer><\/article><\/div><div data-ajax-id='167' class=' grid-entry flex_column isotope-item all_sort no_margin post-entry post-entry-167 grid-entry-overview grid-loop-2 grid-parity-even  people_sort  av_one_third  default_av_fullwidth '><article class='main_color inner-entry'  itemscope=\"itemscope\" itemtype=\"https:\/\/schema.org\/CreativeWork\" ><a href='https:\/\/www.textildelvalle.pe\/es\/portfolio-item\/lulu-chakra\/' title='Lulu &#8211; chakra'  data-rel='grid-2' class='grid-image avia-hover-fx'> <img decoding=\"async\" width=\"495\" height=\"400\" src=\"https:\/\/www.textildelvalle.pe\/es\/wp-content\/uploads\/2020\/10\/DSC_0043-495x400.jpg\" class=\"wp-image-1160 avia-img-lazy-loading-not-1160 attachment-portfolio size-portfolio wp-post-image\" alt=\"\" srcset=\"https:\/\/www.textildelvalle.pe\/es\/wp-content\/uploads\/2020\/10\/DSC_0043-495x400.jpg 495w, https:\/\/www.textildelvalle.pe\/es\/wp-content\/uploads\/2020\/10\/DSC_0043-845x684.jpg 845w\" sizes=\"(max-width: 495px) 100vw, 495px\" \/><\/a><div class='grid-content'><div class='avia-arrow'><\/div><header class=\"entry-content-header\"><h3 class='grid-entry-title entry-title '  itemprop=\"headline\" ><a href='https:\/\/www.textildelvalle.pe\/es\/portfolio-item\/lulu-chakra\/' title='Lulu &#8211; chakra'>Lulu &#8211; chakra<\/a><\/h3><\/header><\/div><footer class=\"entry-footer\"><\/footer><\/article><\/div><div data-ajax-id='169' class=' grid-entry flex_column isotope-item all_sort no_margin post-entry post-entry-169 grid-entry-overview grid-loop-3 grid-parity-odd  people_sort  av_one_third  default_av_fullwidth '><article class='main_color inner-entry'  itemscope=\"itemscope\" itemtype=\"https:\/\/schema.org\/CreativeWork\" ><a href='https:\/\/www.textildelvalle.pe\/es\/portfolio-item\/mas-agua-para-todos\/' title='M\u00e1s agua para todos'  data-rel='grid-2' class='grid-image avia-hover-fx'> <img decoding=\"async\" width=\"495\" height=\"400\" src=\"https:\/\/www.textildelvalle.pe\/es\/wp-content\/uploads\/2020\/10\/Mas-agua-para-todos-495x400.jpg\" class=\"wp-image-1161 avia-img-lazy-loading-not-1161 attachment-portfolio size-portfolio wp-post-image\" alt=\"\" \/><\/a><div class='grid-content'><div class='avia-arrow'><\/div><header class=\"entry-content-header\"><h3 class='grid-entry-title entry-title '  itemprop=\"headline\" ><a href='https:\/\/www.textildelvalle.pe\/es\/portfolio-item\/mas-agua-para-todos\/' title='M\u00e1s agua para todos'>M\u00e1s agua para todos<\/a><\/h3><\/header><\/div><footer class=\"entry-footer\"><\/footer><\/article><\/div><div data-ajax-id='171' class=' grid-entry flex_column isotope-item all_sort no_margin post-entry post-entry-171 grid-entry-overview grid-loop-4 grid-parity-even  people_sort  av_one_third first default_av_fullwidth '><article class='main_color inner-entry'  itemscope=\"itemscope\" itemtype=\"https:\/\/schema.org\/CreativeWork\" ><a href='https:\/\/www.textildelvalle.pe\/es\/portfolio-item\/codigo-de-etica-y-linea-de-comunicaciones\/' title='C\u00f3digo de \u00e9tica y l\u00ednea de comunicaciones'  data-rel='grid-2' class='grid-image avia-hover-fx'> <img decoding=\"async\" width=\"495\" height=\"400\" src=\"https:\/\/www.textildelvalle.pe\/es\/wp-content\/uploads\/2020\/10\/Code-of-ethics-and-ethics-hotline-495x400.jpg\" class=\"wp-image-1164 avia-img-lazy-loading-not-1164 attachment-portfolio size-portfolio wp-post-image\" alt=\"\" srcset=\"https:\/\/www.textildelvalle.pe\/es\/wp-content\/uploads\/2020\/10\/Code-of-ethics-and-ethics-hotline-495x400.jpg 495w, https:\/\/www.textildelvalle.pe\/es\/wp-content\/uploads\/2020\/10\/Code-of-ethics-and-ethics-hotline-845x684.jpg 845w\" sizes=\"(max-width: 495px) 100vw, 495px\" \/><\/a><div class='grid-content'><div class='avia-arrow'><\/div><header class=\"entry-content-header\"><h3 class='grid-entry-title entry-title '  itemprop=\"headline\" ><a href='https:\/\/www.textildelvalle.pe\/es\/portfolio-item\/codigo-de-etica-y-linea-de-comunicaciones\/' title='C\u00f3digo de \u00e9tica y l\u00ednea de comunicaciones'>C\u00f3digo de \u00e9tica y l\u00ednea de comunicaciones<\/a><\/h3><\/header><\/div><footer class=\"entry-footer\"><\/footer><\/article><\/div><div data-ajax-id='175' class=' grid-entry flex_column isotope-item all_sort no_margin post-entry post-entry-175 grid-entry-overview grid-loop-5 grid-parity-odd  post-entry-last  people_sort  av_one_third  default_av_fullwidth '><article class='main_color inner-entry'  itemscope=\"itemscope\" itemtype=\"https:\/\/schema.org\/CreativeWork\" ><a href='https:\/\/www.textildelvalle.pe\/es\/portfolio-item\/vida-en-movimiento\/' title='Vida en movimiento'  data-rel='grid-2' class='grid-image avia-hover-fx'> <img decoding=\"async\" width=\"495\" height=\"400\" src=\"https:\/\/www.textildelvalle.pe\/es\/wp-content\/uploads\/2020\/10\/Life-in-Motion-495x400.jpg\" class=\"wp-image-1166 avia-img-lazy-loading-not-1166 attachment-portfolio size-portfolio wp-post-image\" alt=\"\" srcset=\"https:\/\/www.textildelvalle.pe\/es\/wp-content\/uploads\/2020\/10\/Life-in-Motion-495x400.jpg 495w, https:\/\/www.textildelvalle.pe\/es\/wp-content\/uploads\/2020\/10\/Life-in-Motion-845x684.jpg 845w\" sizes=\"(max-width: 495px) 100vw, 495px\" \/><\/a><div class='grid-content'><div class='avia-arrow'><\/div><header class=\"entry-content-header\"><h3 class='grid-entry-title entry-title '  itemprop=\"headline\" ><a href='https:\/\/www.textildelvalle.pe\/es\/portfolio-item\/vida-en-movimiento\/' title='Vida en movimiento'>Vida en movimiento<\/a><\/h3><\/header><\/div><footer class=\"entry-footer\"><\/footer><\/article><\/div><\/div>\n\n<\/div><\/div><\/div><!-- close content main div --><\/div><\/div><div id='av_section_7'  class='avia-section main_color avia-section-default avia-no-border-styling  avia-bg-style-scroll  avia-builder-el-41  el_after_av_section  el_before_av_section  sustainable-development-goals  container_wrap sidebar_right' style='background-color: #ffffff;  '  ><div class='container' ><div class='template-page content  av-content-small alpha units'><div class='post-entry post-entry-type-page post-entry-14'><div class='entry-content-wrapper clearfix'>\n<section class=\"av_textblock_section \"  itemscope=\"itemscope\" itemtype=\"https:\/\/schema.org\/CreativeWork\" ><div class='avia_textblock  av_inherit_color '  style='font-size:40px; color:#333333; '  itemprop=\"text\" ><p style=\"text-align: left; font-family: 'Poppins', sans-serif; font-weight: bold; line-height: 130%;\">Objetivos de desarrollo sostenible<\/p>\n<\/div><\/section>\n<section class=\"av_textblock_section \"  itemscope=\"itemscope\" itemtype=\"https:\/\/schema.org\/CreativeWork\" ><div class='avia_textblock  '   itemprop=\"text\" ><p style=\"text-align: left; font-family: 'Poppins', sans-serif; font-size: 15px;\">Durante el a\u00f1o 2020, TDV se compromete a aportar en 7 de los 17 objetivos de desarrollo sostenible (ODS), los cuales fueron establecidos por las Naciones Unidas para impulsar el crecimiento sostenible (econ\u00f3mico, social y ambiental) de las sociedades mundiales en miras al a\u00f1o 2030 (Naciones Unidas, 2015). <a style=\"color: #ff6720;\" href=\"https:\/\/www.textildelvalle.pe\/es\/wp-content\/uploads\/2020\/11\/Sustainability_Program.pdf\">LEER M\u00c1S<\/a><\/p>\n<\/div><\/section>\n<div   data-autoplay='false'  data-interval='5'  data-animation='slide'  class='avia-logo-element-container av-border-deactivate avia-logo-slider avia-content-slider avia-smallarrow-slider avia-content-slider-active noHover avia-content-slider1 avia-content-slider-odd  avia-builder-el-44  el_after_av_textblock  avia-builder-el-last  ' ><div class='avia-smallarrow-slider-heading  no-logo-slider-heading '><div class='new-special-heading'>&nbsp;<\/div><div class='avia-slideshow-arrows avia-slideshow-controls'><a href='#prev' class='prev-slide' aria-hidden='true' data-av_icon='\ue87c' data-av_iconfont='entypo-fontello'>Anterior<\/a><a href='#next' class='next-slide' aria-hidden='true' data-av_icon='\ue87d' data-av_iconfont='entypo-fontello'>Posterior<\/a><\/div><\/div><div class='avia-content-slider-inner'><div class='slide-entry-wrap' ><div  class='slide-entry flex_column no_margin post-entry slide-entry-overview slide-loop-1 slide-parity-odd  av_one_seventh first real-thumbnail'><img decoding=\"async\" width=\"123\" height=\"123\" src=\"https:\/\/www.textildelvalle.pe\/es\/wp-content\/uploads\/2020\/12\/objetivos-3.png\" class=\"wp-image-1537 avia-img-lazy-loading-not-1537 attachment-no scaling size-no scaling\" alt=\"\" srcset=\"https:\/\/www.textildelvalle.pe\/es\/wp-content\/uploads\/2020\/12\/objetivos-3.png 123w, https:\/\/www.textildelvalle.pe\/es\/wp-content\/uploads\/2020\/12\/objetivos-3-80x80.png 80w, https:\/\/www.textildelvalle.pe\/es\/wp-content\/uploads\/2020\/12\/objetivos-3-36x36.png 36w\" sizes=\"(max-width: 123px) 100vw, 123px\" \/><\/div><div  class='slide-entry flex_column no_margin post-entry slide-entry-overview slide-loop-2 slide-parity-even  av_one_seventh  real-thumbnail'><img decoding=\"async\" width=\"123\" height=\"124\" src=\"https:\/\/www.textildelvalle.pe\/es\/wp-content\/uploads\/2025\/06\/Sin-titulo-1.png\" class=\"wp-image-1970 avia-img-lazy-loading-not-1970 attachment-no scaling size-no scaling\" alt=\"\" srcset=\"https:\/\/www.textildelvalle.pe\/es\/wp-content\/uploads\/2025\/06\/Sin-titulo-1.png 123w, https:\/\/www.textildelvalle.pe\/es\/wp-content\/uploads\/2025\/06\/Sin-titulo-1-80x80.png 80w, https:\/\/www.textildelvalle.pe\/es\/wp-content\/uploads\/2025\/06\/Sin-titulo-1-36x36.png 36w\" sizes=\"(max-width: 123px) 100vw, 123px\" \/><\/div><div  class='slide-entry flex_column no_margin post-entry slide-entry-overview slide-loop-3 slide-parity-odd  av_one_seventh  real-thumbnail'><img decoding=\"async\" width=\"123\" height=\"123\" src=\"https:\/\/www.textildelvalle.pe\/es\/wp-content\/uploads\/2020\/12\/objetivos-5.png\" class=\"wp-image-1538 avia-img-lazy-loading-not-1538 attachment-no scaling size-no scaling\" alt=\"\" srcset=\"https:\/\/www.textildelvalle.pe\/es\/wp-content\/uploads\/2020\/12\/objetivos-5.png 123w, https:\/\/www.textildelvalle.pe\/es\/wp-content\/uploads\/2020\/12\/objetivos-5-80x80.png 80w, https:\/\/www.textildelvalle.pe\/es\/wp-content\/uploads\/2020\/12\/objetivos-5-36x36.png 36w\" sizes=\"(max-width: 123px) 100vw, 123px\" \/><\/div><div  class='slide-entry flex_column no_margin post-entry slide-entry-overview slide-loop-4 slide-parity-even  av_one_seventh  real-thumbnail'><img decoding=\"async\" width=\"123\" height=\"123\" src=\"https:\/\/www.textildelvalle.pe\/es\/wp-content\/uploads\/2020\/12\/objetivos-6.png\" class=\"wp-image-1539 avia-img-lazy-loading-not-1539 attachment-no scaling size-no scaling\" alt=\"\" srcset=\"https:\/\/www.textildelvalle.pe\/es\/wp-content\/uploads\/2020\/12\/objetivos-6.png 123w, https:\/\/www.textildelvalle.pe\/es\/wp-content\/uploads\/2020\/12\/objetivos-6-80x80.png 80w, https:\/\/www.textildelvalle.pe\/es\/wp-content\/uploads\/2020\/12\/objetivos-6-36x36.png 36w\" sizes=\"(max-width: 123px) 100vw, 123px\" \/><\/div><div  class='slide-entry flex_column no_margin post-entry slide-entry-overview slide-loop-5 slide-parity-odd  av_one_seventh  real-thumbnail'><img decoding=\"async\" width=\"123\" height=\"123\" src=\"https:\/\/www.textildelvalle.pe\/es\/wp-content\/uploads\/2020\/12\/objetivos-7.png\" class=\"wp-image-1541 avia-img-lazy-loading-not-1541 attachment-no scaling size-no scaling\" alt=\"\" srcset=\"https:\/\/www.textildelvalle.pe\/es\/wp-content\/uploads\/2020\/12\/objetivos-7.png 123w, https:\/\/www.textildelvalle.pe\/es\/wp-content\/uploads\/2020\/12\/objetivos-7-80x80.png 80w, https:\/\/www.textildelvalle.pe\/es\/wp-content\/uploads\/2020\/12\/objetivos-7-36x36.png 36w\" sizes=\"(max-width: 123px) 100vw, 123px\" \/><\/div><div  class='slide-entry flex_column no_margin post-entry slide-entry-overview slide-loop-6 slide-parity-even  av_one_seventh  real-thumbnail'><img decoding=\"async\" width=\"123\" height=\"123\" src=\"https:\/\/www.textildelvalle.pe\/es\/wp-content\/uploads\/2020\/12\/objetivos-11.png\" class=\"wp-image-1542 avia-img-lazy-loading-not-1542 attachment-no scaling size-no scaling\" alt=\"\" srcset=\"https:\/\/www.textildelvalle.pe\/es\/wp-content\/uploads\/2020\/12\/objetivos-11.png 123w, https:\/\/www.textildelvalle.pe\/es\/wp-content\/uploads\/2020\/12\/objetivos-11-80x80.png 80w, https:\/\/www.textildelvalle.pe\/es\/wp-content\/uploads\/2020\/12\/objetivos-11-36x36.png 36w\" sizes=\"(max-width: 123px) 100vw, 123px\" \/><\/div><div  class='slide-entry flex_column no_margin post-entry slide-entry-overview slide-loop-7 slide-parity-odd  av_one_seventh  real-thumbnail'><img decoding=\"async\" width=\"124\" height=\"124\" src=\"https:\/\/www.textildelvalle.pe\/es\/wp-content\/uploads\/2025\/06\/ods12-1.png\" class=\"wp-image-1968 avia-img-lazy-loading-not-1968 attachment-no scaling size-no scaling\" alt=\"\" srcset=\"https:\/\/www.textildelvalle.pe\/es\/wp-content\/uploads\/2025\/06\/ods12-1.png 124w, https:\/\/www.textildelvalle.pe\/es\/wp-content\/uploads\/2025\/06\/ods12-1-80x80.png 80w, https:\/\/www.textildelvalle.pe\/es\/wp-content\/uploads\/2025\/06\/ods12-1-36x36.png 36w\" sizes=\"(max-width: 124px) 100vw, 124px\" \/><\/div><\/div><div class='slide-entry-wrap' ><div  class='slide-entry flex_column no_margin post-entry slide-entry-overview slide-loop-8 slide-parity-odd  post-entry-last  av_one_seventh first real-thumbnail'><img decoding=\"async\" width=\"123\" height=\"123\" src=\"https:\/\/www.textildelvalle.pe\/es\/wp-content\/uploads\/2020\/12\/objetivos-13.png\" class=\"wp-image-1543 avia-img-lazy-loading-not-1543 attachment-no scaling size-no scaling\" alt=\"\" srcset=\"https:\/\/www.textildelvalle.pe\/es\/wp-content\/uploads\/2020\/12\/objetivos-13.png 123w, https:\/\/www.textildelvalle.pe\/es\/wp-content\/uploads\/2020\/12\/objetivos-13-80x80.png 80w, https:\/\/www.textildelvalle.pe\/es\/wp-content\/uploads\/2020\/12\/objetivos-13-36x36.png 36w\" sizes=\"(max-width: 123px) 100vw, 123px\" \/><\/div><\/div><\/div><\/div>\n\n<\/div><\/div><\/div><!-- close content main div --><\/div><\/div><div id='av_section_8'  class='avia-section main_color avia-section-no-padding avia-no-border-styling  avia-bg-style-scroll  avia-builder-el-45  el_after_av_section  el_before_av_section  onda-seccion-sustainability  av-minimum-height av-minimum-height-custom  container_wrap sidebar_right' style='background-color: #ffffff;  '  ><div class='container' style='height:50px'><div class='template-page content  av-content-small alpha units'><div class='post-entry post-entry-type-page post-entry-14'><div class='entry-content-wrapper clearfix'>\n<\/div><\/div><\/div><!-- close content main div --><\/div><\/div><div id='av_section_9'  class='avia-section main_color avia-section-default avia-no-border-styling  avia-bg-style-scroll  avia-builder-el-46  el_after_av_section  el_before_av_section  container-logos-sustainability  container_wrap sidebar_right' style='background-color: #ffffff;  '  ><div class='container' ><div class='template-page content  av-content-small alpha units'><div class='post-entry post-entry-type-page post-entry-14'><div class='entry-content-wrapper clearfix'>\n<section class=\"av_textblock_section \"  itemscope=\"itemscope\" itemtype=\"https:\/\/schema.org\/CreativeWork\" ><div class='avia_textblock  '  style='font-size:34px; '  itemprop=\"text\" ><p style=\"text-align: left; font-family: 'Poppins', sans-serif; font-weight: bold; line-height: 140%;\">Certificaciones que confirman nuestros est\u00e1ndares de sostenibilidad.<\/p>\n<\/div><\/section>\n<div   data-autoplay='false'  data-interval='5'  data-animation='slide'  class='avia-logo-element-container av-border-deactivate avia-logo-slider avia-content-slider avia-smallarrow-slider avia-content-slider-active noHover avia-content-slider2 avia-content-slider-odd  avia-builder-el-48  el_after_av_textblock  avia-builder-el-last  ' ><div class='avia-smallarrow-slider-heading  no-logo-slider-heading '><div class='new-special-heading'>&nbsp;<\/div><div class='avia-slideshow-arrows avia-slideshow-controls'><a href='#prev' class='prev-slide' aria-hidden='true' data-av_icon='\ue87c' data-av_iconfont='entypo-fontello'>Anterior<\/a><a href='#next' class='next-slide' aria-hidden='true' data-av_icon='\ue87d' data-av_iconfont='entypo-fontello'>Posterior<\/a><\/div><\/div><div class='avia-content-slider-inner'><div class='slide-entry-wrap' ><div  class='slide-entry flex_column no_margin post-entry slide-entry-overview slide-loop-1 slide-parity-odd  av_one_fifth first real-thumbnail'><img decoding=\"async\" width=\"186\" height=\"157\" src=\"https:\/\/www.textildelvalle.pe\/es\/wp-content\/uploads\/2020\/11\/Empresa-B-1.png\" class=\"wp-image-1240 avia-img-lazy-loading-not-1240 attachment-no scaling size-no scaling\" alt=\"\" \/><\/div><div  class='slide-entry flex_column no_margin post-entry slide-entry-overview slide-loop-2 slide-parity-even  av_one_fifth  real-thumbnail'><img decoding=\"async\" width=\"185\" height=\"157\" src=\"https:\/\/www.textildelvalle.pe\/es\/wp-content\/uploads\/2020\/11\/CARBONO-N.png\" class=\"wp-image-1239 avia-img-lazy-loading-not-1239 attachment-no scaling size-no scaling\" alt=\"\" \/><\/div><div  class='slide-entry flex_column no_margin post-entry slide-entry-overview slide-loop-3 slide-parity-odd  av_one_fifth  real-thumbnail'><img decoding=\"async\" width=\"200\" height=\"200\" src=\"https:\/\/www.textildelvalle.pe\/es\/wp-content\/uploads\/2026\/01\/EGL259912-13.png\" class=\"wp-image-2032 avia-img-lazy-loading-not-2032 attachment-no scaling size-no scaling\" alt=\"\" srcset=\"https:\/\/www.textildelvalle.pe\/es\/wp-content\/uploads\/2026\/01\/EGL259912-13.png 200w, https:\/\/www.textildelvalle.pe\/es\/wp-content\/uploads\/2026\/01\/EGL259912-13-80x80.png 80w, https:\/\/www.textildelvalle.pe\/es\/wp-content\/uploads\/2026\/01\/EGL259912-13-36x36.png 36w, https:\/\/www.textildelvalle.pe\/es\/wp-content\/uploads\/2026\/01\/EGL259912-13-180x180.png 180w\" sizes=\"(max-width: 200px) 100vw, 200px\" \/><\/div><div  class='slide-entry flex_column no_margin post-entry slide-entry-overview slide-loop-4 slide-parity-even  av_one_fifth  real-thumbnail'><img decoding=\"async\" width=\"200\" height=\"200\" src=\"https:\/\/www.textildelvalle.pe\/es\/wp-content\/uploads\/2026\/01\/EGL259912-12.png\" class=\"wp-image-2028 avia-img-lazy-loading-not-2028 attachment-no scaling size-no scaling\" alt=\"\" srcset=\"https:\/\/www.textildelvalle.pe\/es\/wp-content\/uploads\/2026\/01\/EGL259912-12.png 200w, https:\/\/www.textildelvalle.pe\/es\/wp-content\/uploads\/2026\/01\/EGL259912-12-80x80.png 80w, https:\/\/www.textildelvalle.pe\/es\/wp-content\/uploads\/2026\/01\/EGL259912-12-36x36.png 36w, https:\/\/www.textildelvalle.pe\/es\/wp-content\/uploads\/2026\/01\/EGL259912-12-180x180.png 180w\" sizes=\"(max-width: 200px) 100vw, 200px\" \/><\/div><div  class='slide-entry flex_column no_margin post-entry slide-entry-overview slide-loop-5 slide-parity-odd  av_one_fifth  real-thumbnail'><img decoding=\"async\" width=\"200\" height=\"200\" src=\"https:\/\/www.textildelvalle.pe\/es\/wp-content\/uploads\/2026\/01\/EGL259912-11.png\" class=\"wp-image-2030 avia-img-lazy-loading-not-2030 attachment-no scaling size-no scaling\" alt=\"\" srcset=\"https:\/\/www.textildelvalle.pe\/es\/wp-content\/uploads\/2026\/01\/EGL259912-11.png 200w, https:\/\/www.textildelvalle.pe\/es\/wp-content\/uploads\/2026\/01\/EGL259912-11-80x80.png 80w, https:\/\/www.textildelvalle.pe\/es\/wp-content\/uploads\/2026\/01\/EGL259912-11-36x36.png 36w, https:\/\/www.textildelvalle.pe\/es\/wp-content\/uploads\/2026\/01\/EGL259912-11-180x180.png 180w\" sizes=\"(max-width: 200px) 100vw, 200px\" \/><\/div><\/div><div class='slide-entry-wrap' ><div  class='slide-entry flex_column no_margin post-entry slide-entry-overview slide-loop-6 slide-parity-odd  av_one_fifth first real-thumbnail'><img decoding=\"async\" width=\"186\" height=\"157\" src=\"https:\/\/www.textildelvalle.pe\/es\/wp-content\/uploads\/2020\/11\/WRAP-1.png\" class=\"wp-image-1244 avia-img-lazy-loading-not-1244 attachment-no scaling size-no scaling\" alt=\"\" \/><\/div><div  class='slide-entry flex_column no_margin post-entry slide-entry-overview slide-loop-7 slide-parity-even  av_one_fifth  real-thumbnail'><img decoding=\"async\" width=\"186\" height=\"157\" src=\"https:\/\/www.textildelvalle.pe\/es\/wp-content\/uploads\/2020\/11\/BASC.png\" class=\"wp-image-1238 avia-img-lazy-loading-not-1238 attachment-no scaling size-no scaling\" alt=\"\" \/><\/div><div  class='slide-entry flex_column no_margin post-entry slide-entry-overview slide-loop-8 slide-parity-odd  av_one_fifth  real-thumbnail'><img decoding=\"async\" width=\"186\" height=\"157\" src=\"https:\/\/www.textildelvalle.pe\/es\/wp-content\/uploads\/2020\/11\/ISO-14001.png\" class=\"wp-image-1243 avia-img-lazy-loading-not-1243 attachment-no scaling size-no scaling\" alt=\"\" \/><\/div><div  class='slide-entry flex_column no_margin post-entry slide-entry-overview slide-loop-9 slide-parity-even  post-entry-last  av_one_fifth  real-thumbnail'><img decoding=\"async\" width=\"200\" height=\"200\" src=\"https:\/\/www.textildelvalle.pe\/es\/wp-content\/uploads\/2026\/01\/EGL259912-14.png\" class=\"wp-image-2034 avia-img-lazy-loading-not-2034 attachment-no scaling size-no scaling\" alt=\"\" srcset=\"https:\/\/www.textildelvalle.pe\/es\/wp-content\/uploads\/2026\/01\/EGL259912-14.png 200w, https:\/\/www.textildelvalle.pe\/es\/wp-content\/uploads\/2026\/01\/EGL259912-14-80x80.png 80w, https:\/\/www.textildelvalle.pe\/es\/wp-content\/uploads\/2026\/01\/EGL259912-14-36x36.png 36w, https:\/\/www.textildelvalle.pe\/es\/wp-content\/uploads\/2026\/01\/EGL259912-14-180x180.png 180w\" sizes=\"(max-width: 200px) 100vw, 200px\" \/><\/div><\/div><\/div><\/div>\n<\/div><\/div><\/div><!-- close content main div --><\/div><\/div><div id='av_section_10'  class='avia-section main_color avia-section-default avia-no-border-styling  avia-bg-style-scroll  avia-builder-el-49  el_after_av_section  el_before_av_section  container-logos-sustainability  container_wrap sidebar_right' style='background-color: #f2f2f2;  '  ><div class='container' ><div class='template-page content  av-content-small alpha units'><div class='post-entry post-entry-type-page post-entry-14'><div class='entry-content-wrapper clearfix'>\n<section class=\"av_textblock_section \"  itemscope=\"itemscope\" itemtype=\"https:\/\/schema.org\/CreativeWork\" ><div class='avia_textblock  '  style='font-size:34px; '  itemprop=\"text\" ><p style=\"text-align: left; font-family: 'Poppins', sans-serif; font-weight: bold; line-height: 140%;\">Revisa nuestro Reporte de Sostenibilidad 2024<\/p>\n<\/div><\/section>\n<section class=\"av_textblock_section \"  itemscope=\"itemscope\" itemtype=\"https:\/\/schema.org\/CreativeWork\" ><div class='avia_textblock  '   itemprop=\"text\" ><p style=\"text-align: left; font-family: 'Poppins', sans-serif; font-size: 15px;\">Versi\u00f3n en ingl\u00e9s: <a href=\"https:\/\/www.textildelvalle.pe\/es\/wp-content\/uploads\/2025\/06\/TDV_Reporte_2024_ESP-version-final-4.pdf\">TDV_Reporte_2024<\/a><\/p>\n<p style=\"text-align: left; font-family: 'Poppins', sans-serif; font-size: 15px;\">Versi\u00f3n en espa\u00f1ol: <a href=\"https:\/\/www.textildelvalle.pe\/es\/wp-content\/uploads\/2025\/06\/TDV_Reporte_2024_ENG-version-final_2-2.pdf\">TDV_Report_2024<\/a><\/p>\n<\/div><\/section>\n<\/p>\n<\/div><\/div><\/div><!-- close content main div --><\/div><\/div><div id='av_section_11'  class='avia-section main_color avia-section-default avia-no-border-styling  avia-full-stretch av-section-color-overlay-active avia-bg-style-scroll  avia-builder-el-52  el_after_av_section  avia-builder-el-last   av-minimum-height av-minimum-height-custom  container_wrap sidebar_right' style='background-repeat: no-repeat; background-image: url(https:\/\/www.textildelvalle.pe\/es\/wp-content\/uploads\/2020\/11\/Do-you-have-any-questions-or-requirements-edit2.jpg);background-attachment: scroll; background-position: center left;  '  data-section-bg-repeat='stretch'><div class='av-section-color-overlay-wrap'><div class='av-section-color-overlay' style='opacity: 0.7; background-color: #898989; '><\/div><div class='container' style='height:300px'><div class='template-page content  av-content-small alpha units'><div class='post-entry post-entry-type-page post-entry-14'><div class='entry-content-wrapper clearfix'>\n<section class=\"av_textblock_section \"  itemscope=\"itemscope\" itemtype=\"https:\/\/schema.org\/CreativeWork\" ><div class='avia_textblock  av_inherit_color '  style='color:#ffffff; '  itemprop=\"text\" ><p style=\"font-family: Poppins, sans-serif; font-size: 34px; font-weight: bold; line-height: 40px; text-align: center;\">H\u00e1ganos una pregunta<\/p>\n<\/div><\/section>\n<div  class='avia-button-wrap avia-button-center  avia-builder-el-54  el_after_av_textblock  avia-builder-el-last ' ><a href='https:\/\/www.textildelvalle.pe\/es\/contact\/'  class='avia-button  avia-color-light  avia-font-color-theme-color-highlight  avia-icon_select-no avia-size-large avia-position-center '   ><span class='avia_iconbox_title' >Cont\u00e1ctanos<\/span><span class='avia_button_background avia-button avia-color-light' ><\/span><\/a><\/div>\n<\/div><\/div><\/div><!-- close content main div --><\/div><\/div><\/div><div id='after_section_11'  class='main_color av_default_container_wrap container_wrap sidebar_right' style=' '  ><div class='container' ><div class='template-page content  av-content-small alpha units'><div class='post-entry post-entry-type-page post-entry-14'><div class='entry-content-wrapper clearfix'>\n","protected":false},"excerpt":{"rendered":"","protected":false},"author":1,"featured_media":0,"parent":0,"menu_order":0,"comment_status":"closed","ping_status":"closed","template":"","meta":{"footnotes":""},"class_list":["post-14","page","type-page","status-publish","hentry"],"_links":{"self":[{"href":"https:\/\/www.textildelvalle.pe\/es\/wp-json\/wp\/v2\/pages\/14","targetHints":{"allow":["GET"]}}],"collection":[{"href":"https:\/\/www.textildelvalle.pe\/es\/wp-json\/wp\/v2\/pages"}],"about":[{"href":"https:\/\/www.textildelvalle.pe\/es\/wp-json\/wp\/v2\/types\/page"}],"author":[{"embeddable":true,"href":"https:\/\/www.textildelvalle.pe\/es\/wp-json\/wp\/v2\/users\/1"}],"replies":[{"embeddable":true,"href":"https:\/\/www.textildelvalle.pe\/es\/wp-json\/wp\/v2\/comments?post=14"}],"version-history":[{"count":115,"href":"https:\/\/www.textildelvalle.pe\/es\/wp-json\/wp\/v2\/pages\/14\/revisions"}],"predecessor-version":[{"id":2035,"href":"https:\/\/www.textildelvalle.pe\/es\/wp-json\/wp\/v2\/pages\/14\/revisions\/2035"}],"wp:attachment":[{"href":"https:\/\/www.textildelvalle.pe\/es\/wp-json\/wp\/v2\/media?parent=14"}],"curies":[{"name":"wp","href":"https:\/\/api.w.org\/{rel}","templated":true}]}}